{"id":16,"date":"2017-11-04T08:35:17","date_gmt":"2017-11-04T08:35:17","guid":{"rendered":"http:\/\/toms-bienen.de\/?page_id=16"},"modified":"2024-02-08T16:27:32","modified_gmt":"2024-02-08T16:27:32","slug":"aktuelles","status":"publish","type":"page","link":"http:\/\/toms-bienen.de\/?page_id=16","title":{"rendered":"Aktuelles"},"content":{"rendered":"\t\t<div data-elementor-type=\"wp-page\" data-elementor-id=\"16\" class=\"elementor elementor-16\">\n\t\t\t\t<div class=\"elementor-element elementor-element-0601c34 e-flex e-con-boxed e-con e-parent\" data-id=\"0601c34\" data-element_type=\"container\" data-e-type=\"container\">\n\t\t\t\t\t<div class=\"e-con-inner\">\n\t\t\t\t<div class=\"elementor-element elementor-element-3acfbfc elementor-widget elementor-widget-text-editor\" data-id=\"3acfbfc\" data-element_type=\"widget\" data-e-type=\"widget\" data-widget_type=\"text-editor.default\">\n\t\t\t\t<div class=\"elementor-widget-container\">\n\t\t\t\t\t\t\t\t\t<p><span style=\"color: #ffcc00;\"><strong>Februar 2024<\/strong><\/span><\/p>\n<p>Unsere Webseite hat ein neues Design bekommen<\/p>\t\t\t\t\t\t\t\t<\/div>\n\t\t\t\t<\/div>\n\t\t\t\t\t<\/div>\n\t\t\t\t<\/div>\n\t\t<div class=\"elementor-element elementor-element-9d0bf55 e-flex e-con-boxed e-con e-parent\" data-id=\"9d0bf55\" data-element_type=\"container\" data-e-type=\"container\">\n\t\t\t\t\t<div class=\"e-con-inner\">\n\t\t\t\t<div class=\"elementor-element elementor-element-30aea51 elementor-widget-divider--view-line elementor-widget elementor-widget-divider\" data-id=\"30aea51\" data-element_type=\"widget\" data-e-type=\"widget\" data-widget_type=\"divider.default\">\n\t\t\t\t<div class=\"elementor-widget-container\">\n\t\t\t\t\t\t\t<div class=\"elementor-divider\">\n\t\t\t<span class=\"elementor-divider-separator\">\n\t\t\t\t\t\t<\/span>\n\t\t<\/div>\n\t\t\t\t\t\t<\/div>\n\t\t\t\t<\/div>\n\t\t\t\t\t<\/div>\n\t\t\t\t<\/div>\n\t\t<div class=\"elementor-element elementor-element-3d34d46 e-flex e-con-boxed e-con e-parent\" data-id=\"3d34d46\" data-element_type=\"container\" data-e-type=\"container\">\n\t\t\t\t\t<div class=\"e-con-inner\">\n\t\t\t\t<div class=\"elementor-element elementor-element-2021455 elementor-widget elementor-widget-text-editor\" data-id=\"2021455\" data-element_type=\"widget\" data-e-type=\"widget\" data-widget_type=\"text-editor.default\">\n\t\t\t\t<div class=\"elementor-widget-container\">\n\t\t\t\t\t\t\t\t\t<p class=\"has-luminous-vivid-amber-color has-text-color\"><strong>August 2023<\/strong><\/p>\n<p><!-- \/wp:paragraph --><!-- wp:paragraph --><\/p>\n<p>Das Bienenjahr 2022\/23 ist nun soweit zuende.Vom Honigertrag war es bei uns in Niederbayern , in Simbach am Inn, eher Durchschnitt.<\/p>\n<p><!-- \/wp:paragraph --><!-- wp:paragraph --><\/p>\n<p>Aber wir beschweren uns nicht da wir einfach mit der Natur Arbeiten.Jetzt ist die Zeit einen guten Grundstock bei den Bienenv\u00f6lkern f\u00fcr das n\u00e4chste Jahr zu legen.<\/p>\n<p><!-- \/wp:paragraph --><!-- wp:paragraph --><\/p>\n<p>F\u00fctten f\u00fcr den Winter und die Behandlung gegen die Varroamilbe.<\/p>\n<p><!-- \/wp:paragraph --><!-- wp:paragraph --><\/p>\n<p>Auch haben wir unse Anzahl an Bienenv\u00f6lker wieder erh\u00f6ht, wir werden mit ca. 130 St. V\u00f6lkern in den Winter gehen. Hoffen wir mal das m\u00f6glichst viele \u00fcber den Winter kommen.<\/p>\n<p><!-- \/wp:paragraph --><!-- wp:paragraph {\"textColor\":\"vivid-red\"} --><\/p>\n<p class=\"has-vivid-red-color has-text-color\">Anfang\/Mitte September 23 erscheint unser neuer Kerzenkatalog mit ein paar Neuigkeiten.<\/p>\n<p><!-- \/wp:paragraph --><!-- wp:paragraph {\"textColor\":\"vivid-red\"} --><\/p>\n<p class=\"has-vivid-red-color has-text-color\">Als PDF und auch im Onlineshop.<\/p>\t\t\t\t\t\t\t\t<\/div>\n\t\t\t\t<\/div>\n\t\t\t\t\t<\/div>\n\t\t\t\t<\/div>\n\t\t<div class=\"elementor-element elementor-element-994d29d e-flex e-con-boxed e-con e-parent\" data-id=\"994d29d\" data-element_type=\"container\" data-e-type=\"container\">\n\t\t\t\t\t<div class=\"e-con-inner\">\n\t\t\t\t<div class=\"elementor-element elementor-element-0b49392 elementor-widget elementor-widget-text-editor\" data-id=\"0b49392\" data-element_type=\"widget\" data-e-type=\"widget\" data-widget_type=\"text-editor.default\">\n\t\t\t\t<div class=\"elementor-widget-container\">\n\t\t\t\t\t\t\t\t\t<p class=\"has-luminous-vivid-amber-color has-text-color\"><strong>M\u00e4rz 2023<\/strong><\/p>\n<p><!-- \/wp:paragraph --><!-- wp:paragraph --><\/p>\n<p>Nun bin ich dabei meine Bienenv\u00f6lker wieder Auszuwintern.<\/p>\n<p><!-- \/wp:paragraph --><!-- wp:paragraph --><\/p>\n<p>Das hei\u00dft Sie werden auf Weichselrichtigkeit, Volksst\u00e4rke und Futtervorrrat untersucht.<\/p>\n<p><!-- \/wp:paragraph --><!-- wp:paragraph --><\/p>\n<p>Bis jetzt schaut es gut aus um wieder mit meinen ca. 85 St Bienenv\u00f6lker in den Fr\u00fchling zu starten.<\/p>\n<p><!-- \/wp:paragraph --><!-- wp:paragraph --><\/p>\n<p>Ausserdem bleiben auch wieder ein paar V\u00f6lker \u00fcbrig die ich an neue Imker\/innen abgeben kann.<\/p>\t\t\t\t\t\t\t\t<\/div>\n\t\t\t\t<\/div>\n\t\t\t\t\t<\/div>\n\t\t\t\t<\/div>\n\t\t<div class=\"elementor-element elementor-element-77a257e e-flex e-con-boxed e-con e-parent\" data-id=\"77a257e\" data-element_type=\"container\" data-e-type=\"container\">\n\t\t\t\t\t<div class=\"e-con-inner\">\n\t\t\t\t<div class=\"elementor-element elementor-element-f29989c elementor-widget-divider--view-line elementor-widget elementor-widget-divider\" data-id=\"f29989c\" data-element_type=\"widget\" data-e-type=\"widget\" data-widget_type=\"divider.default\">\n\t\t\t\t<div class=\"elementor-widget-container\">\n\t\t\t\t\t\t\t<div class=\"elementor-divider\">\n\t\t\t<span class=\"elementor-divider-separator\">\n\t\t\t\t\t\t<\/span>\n\t\t<\/div>\n\t\t\t\t\t\t<\/div>\n\t\t\t\t<\/div>\n\t\t\t\t\t<\/div>\n\t\t\t\t<\/div>\n\t\t<div class=\"elementor-element elementor-element-0c39093 e-flex e-con-boxed e-con e-parent\" data-id=\"0c39093\" data-element_type=\"container\" data-e-type=\"container\">\n\t\t\t\t\t<div class=\"e-con-inner\">\n\t\t\t\t<div class=\"elementor-element elementor-element-8f186c5 elementor-widget elementor-widget-text-editor\" data-id=\"8f186c5\" data-element_type=\"widget\" data-e-type=\"widget\" data-widget_type=\"text-editor.default\">\n\t\t\t\t<div class=\"elementor-widget-container\">\n\t\t\t\t\t\t\t\t\t<p><span style=\"color: #800000;\">August 2022<\/span><\/p>\n<p><!-- \/wp:paragraph --><!-- wp:paragraph {\"textColor\":\"black\",\"fontSize\":\"regular\"} --><\/p>\n<p class=\"has-black-color has-text-color has-regular-font-size\">In K\u00fcrze erscheint unser neuer Kerzenkatalog f\u00fcr den Winter 22\/23<\/p>\n<p><!-- \/wp:paragraph --><!-- wp:paragraph {\"textColor\":\"luminous-vivid-orange\"} --><\/p>\n<p class=\"has-luminous-vivid-orange-color has-text-color\">Ausserdem Starten wir mit einem eigenen Online-Shop, damit k\u00f6nnen sie dann sehr einfach bei uns ihre Lieblingskerzen Bestsellen. <a href=\"https:\/\/shop.toms-bienen.de\">https:\/\/shop.toms-bienen.de<\/a><\/p>\n<p><!-- \/wp:paragraph --><!-- wp:paragraph --><\/p>\n<p>Leider m\u00fcssen auch wir unsere Preise ein wenig Anpassen.Den Versandkostenanteil m\u00fcssen wir leider auch auf 5.95 \u20ac nach Deutschlandund 7,95 nach \u00d6sterreich leicht erh\u00f6hen.<\/p>\t\t\t\t\t\t\t\t<\/div>\n\t\t\t\t<\/div>\n\t\t\t\t\t<\/div>\n\t\t\t\t<\/div>\n\t\t<div class=\"elementor-element elementor-element-9d6fc3d e-flex e-con-boxed e-con e-parent\" data-id=\"9d6fc3d\" data-element_type=\"container\" data-e-type=\"container\">\n\t\t\t\t\t<div class=\"e-con-inner\">\n\t\t\t\t<div class=\"elementor-element elementor-element-ccee231 elementor-widget-divider--view-line elementor-widget elementor-widget-divider\" data-id=\"ccee231\" data-element_type=\"widget\" data-e-type=\"widget\" data-widget_type=\"divider.default\">\n\t\t\t\t<div class=\"elementor-widget-container\">\n\t\t\t\t\t\t\t<div class=\"elementor-divider\">\n\t\t\t<span class=\"elementor-divider-separator\">\n\t\t\t\t\t\t<\/span>\n\t\t<\/div>\n\t\t\t\t\t\t<\/div>\n\t\t\t\t<\/div>\n\t\t\t\t\t<\/div>\n\t\t\t\t<\/div>\n\t\t<div class=\"elementor-element elementor-element-8d20823 e-flex e-con-boxed e-con e-parent\" data-id=\"8d20823\" data-element_type=\"container\" data-e-type=\"container\">\n\t\t\t\t\t<div class=\"e-con-inner\">\n\t\t<div class=\"elementor-element elementor-element-1cb0c3e e-con-full e-flex e-con e-child\" data-id=\"1cb0c3e\" data-element_type=\"container\" data-e-type=\"container\">\n\t\t\t\t<div class=\"elementor-element elementor-element-d39c13a elementor-widget elementor-widget-text-editor\" data-id=\"d39c13a\" data-element_type=\"widget\" data-e-type=\"widget\" data-widget_type=\"text-editor.default\">\n\t\t\t\t<div class=\"elementor-widget-container\">\n\t\t\t\t\t\t\t\t\t<p><span style=\"color: #993300;\">September 2021<\/span><\/p>\n<p><!-- \/wp:paragraph --><!-- wp:paragraph --><\/p>\n<p>So jetzt melden wir uns wieder bei euch:<\/p>\n<p><!-- \/wp:paragraph --><!-- wp:paragraph --><\/p>\n<p>Kurzer R\u00fcckblick \u00fcber das Bienenjahr. Wir haben unsere Bienen wieder super \u00fcber den Winter 2020\/21 gebracht so dass es wieder ein paar V\u00f6lker mehr wurden. Leider gab es im Fr\u00fchsommer nur wenig Bl\u00fctenhonig, da es bei uns sehr kalt und verregnet war. Daf\u00fcr gab es besten (und auch viel) Waldhonig. Wir haben ihn sogar analysieren lassen und er wurde als Tannen-Fichten-Honig eingestuft.<\/p>\n<p><!-- \/wp:paragraph --><!-- wp:paragraph --><\/p>\n<p>Jetzt sind die Bienen schon wieder in der Vorbereitung f\u00fcr den Winter und wir beginnen mit den Kerzen machen. Wir freuen uns, dass die Preise (fast ) gleich bleiben. UND es gibt wieder neue Kerzen :<\/p>\n<p><!-- \/wp:paragraph --><!-- wp:paragraph --><\/p>\n<p>Zum ersten haben wir mehr bedruckte Kerzen mit Holzdocht und unsere ersten zwei neuen Formen haben wir schon ausprobiert.<\/p>\n<p>Kerze Hund und Katze kosten jeweils 2,00 \u20ac<\/p>\n<p><!-- \/wp:paragraph --><!-- wp:paragraph --><\/p>\n<p>Die aktuellen Kataloge findet ihr nat\u00fcrlich auch wieder auf unsere Seite.<\/p>\n<p><!-- \/wp:paragraph --><!-- wp:paragraph --><\/p>\n<p>Nun freuen wir uns auf ein sch\u00f6nes restliches 2021 und nat\u00fcrlich auf eure Bestellungen.<\/p>\n<p><!-- \/wp:paragraph --><!-- wp:paragraph --><\/p>\n<p>Euer Bienen Tom<\/p>\t\t\t\t\t\t\t\t<\/div>\n\t\t\t\t<\/div>\n\t\t\t\t<\/div>\n\t\t<div class=\"elementor-element elementor-element-398cb35 e-con-full e-flex e-con e-child\" data-id=\"398cb35\" data-element_type=\"container\" data-e-type=\"container\">\n\t\t<div class=\"elementor-element elementor-element-e221c18 e-flex e-con-boxed e-con e-child\" data-id=\"e221c18\" data-element_type=\"container\" data-e-type=\"container\">\n\t\t\t\t\t<div class=\"e-con-inner\">\n\t\t\t\t<div class=\"elementor-element elementor-element-b7d5bd8 elementor-widget elementor-widget-image\" data-id=\"b7d5bd8\" data-element_type=\"widget\" data-e-type=\"widget\" data-widget_type=\"image.default\">\n\t\t\t\t<div class=\"elementor-widget-container\">\n\t\t\t\t\t\t\t\t\t\t\t\t\t\t\t<img fetchpriority=\"high\" decoding=\"async\" width=\"225\" height=\"300\" src=\"http:\/\/toms-bienen.de\/wp-content\/uploads\/2021\/09\/20210904_115300-225x300.jpg\" class=\"attachment-medium size-medium wp-image-142\" alt=\"\" srcset=\"http:\/\/toms-bienen.de\/wp-content\/uploads\/2021\/09\/20210904_115300-225x300.jpg 225w, http:\/\/toms-bienen.de\/wp-content\/uploads\/2021\/09\/20210904_115300-768x1024.jpg 768w, http:\/\/toms-bienen.de\/wp-content\/uploads\/2021\/09\/20210904_115300-1152x1536.jpg 1152w, http:\/\/toms-bienen.de\/wp-content\/uploads\/2021\/09\/20210904_115300-1536x2048.jpg 1536w, http:\/\/toms-bienen.de\/wp-content\/uploads\/2021\/09\/20210904_115300-scaled.jpg 1920w\" sizes=\"(max-width: 225px) 100vw, 225px\" \/>\t\t\t\t\t\t\t\t\t\t\t\t\t\t\t<\/div>\n\t\t\t\t<\/div>\n\t\t\t\t\t<\/div>\n\t\t\t\t<\/div>\n\t\t<div class=\"elementor-element elementor-element-aeb9f2e e-flex e-con-boxed e-con e-child\" data-id=\"aeb9f2e\" data-element_type=\"container\" data-e-type=\"container\">\n\t\t\t\t\t<div class=\"e-con-inner\">\n\t\t\t\t<div class=\"elementor-element elementor-element-46021c1 elementor-widget elementor-widget-image\" data-id=\"46021c1\" data-element_type=\"widget\" data-e-type=\"widget\" data-widget_type=\"image.default\">\n\t\t\t\t<div class=\"elementor-widget-container\">\n\t\t\t\t\t\t\t\t\t\t\t\t\t\t\t<img decoding=\"async\" width=\"225\" height=\"300\" src=\"http:\/\/toms-bienen.de\/wp-content\/uploads\/2021\/09\/20210904_115209-1-225x300.jpg\" class=\"attachment-medium size-medium wp-image-141\" alt=\"\" srcset=\"http:\/\/toms-bienen.de\/wp-content\/uploads\/2021\/09\/20210904_115209-1-225x300.jpg 225w, http:\/\/toms-bienen.de\/wp-content\/uploads\/2021\/09\/20210904_115209-1-768x1024.jpg 768w, http:\/\/toms-bienen.de\/wp-content\/uploads\/2021\/09\/20210904_115209-1-1152x1536.jpg 1152w, http:\/\/toms-bienen.de\/wp-content\/uploads\/2021\/09\/20210904_115209-1-1536x2048.jpg 1536w, http:\/\/toms-bienen.de\/wp-content\/uploads\/2021\/09\/20210904_115209-1-scaled.jpg 1920w\" sizes=\"(max-width: 225px) 100vw, 225px\" \/>\t\t\t\t\t\t\t\t\t\t\t\t\t\t\t<\/div>\n\t\t\t\t<\/div>\n\t\t\t\t\t<\/div>\n\t\t\t\t<\/div>\n\t\t\t\t<\/div>\n\t\t\t\t\t<\/div>\n\t\t\t\t<\/div>\n\t\t\t\t<\/div>\n\t\t","protected":false},"excerpt":{"rendered":"<p>Februar 2024 Unsere Webseite hat ein neues Design bekommen August 2023 Das Bienenjahr 2022\/23 ist nun soweit zuende.Vom Honigertrag war es bei uns in Niederbayern , in Simbach am Inn, eher Durchschnitt. Aber wir beschweren uns nicht da wir einfach mit der Natur Arbeiten.Jetzt ist die Zeit einen guten Grundstock bei den Bienenv\u00f6lkern f\u00fcr das [&hellip;]<\/p>\n","protected":false},"author":1,"featured_media":0,"parent":0,"menu_order":0,"comment_status":"closed","ping_status":"closed","template":"elementor_header_footer","meta":{"ocean_post_layout":"","ocean_both_sidebars_style":"","ocean_both_sidebars_content_width":0,"ocean_both_sidebars_sidebars_width":0,"ocean_sidebar":"","ocean_second_sidebar":"","ocean_disable_margins":"enable","ocean_add_body_class":"","ocean_shortcode_before_top_bar":"","ocean_shortcode_after_top_bar":"","ocean_shortcode_before_header":"","ocean_shortcode_after_header":"","ocean_has_shortcode":"","ocean_shortcode_after_title":"","ocean_shortcode_before_footer_widgets":"","ocean_shortcode_after_footer_widgets":"","ocean_shortcode_before_footer_bottom":"","ocean_shortcode_after_footer_bottom":"","ocean_display_top_bar":"default","ocean_display_header":"default","ocean_header_style":"","ocean_center_header_left_menu":"","ocean_custom_header_template":"","ocean_custom_logo":0,"ocean_custom_retina_logo":0,"ocean_custom_logo_max_width":0,"ocean_custom_logo_tablet_max_width":0,"ocean_custom_logo_mobile_max_width":0,"ocean_custom_logo_max_height":0,"ocean_custom_logo_tablet_max_height":0,"ocean_custom_logo_mobile_max_height":0,"ocean_header_custom_menu":"","ocean_menu_typo_font_family":"","ocean_menu_typo_font_subset":"","ocean_menu_typo_font_size":0,"ocean_menu_typo_font_size_tablet":0,"ocean_menu_typo_font_size_mobile":0,"ocean_menu_typo_font_size_unit":"px","ocean_menu_typo_font_weight":"","ocean_menu_typo_font_weight_tablet":"","ocean_menu_typo_font_weight_mobile":"","ocean_menu_typo_transform":"","ocean_menu_typo_transform_tablet":"","ocean_menu_typo_transform_mobile":"","ocean_menu_typo_line_height":0,"ocean_menu_typo_line_height_tablet":0,"ocean_menu_typo_line_height_mobile":0,"ocean_menu_typo_line_height_unit":"","ocean_menu_typo_spacing":0,"ocean_menu_typo_spacing_tablet":0,"ocean_menu_typo_spacing_mobile":0,"ocean_menu_typo_spacing_unit":"","ocean_menu_link_color":"","ocean_menu_link_color_hover":"","ocean_menu_link_color_active":"","ocean_menu_link_background":"","ocean_menu_link_hover_background":"","ocean_menu_link_active_background":"","ocean_menu_social_links_bg":"","ocean_menu_social_hover_links_bg":"","ocean_menu_social_links_color":"","ocean_menu_social_hover_links_color":"","ocean_disable_title":"default","ocean_disable_heading":"default","ocean_post_title":"","ocean_post_subheading":"","ocean_post_title_style":"","ocean_post_title_background_color":"","ocean_post_title_background":0,"ocean_post_title_bg_image_position":"","ocean_post_title_bg_image_attachment":"","ocean_post_title_bg_image_repeat":"","ocean_post_title_bg_image_size":"","ocean_post_title_height":0,"ocean_post_title_bg_overlay":0.5,"ocean_post_title_bg_overlay_color":"","ocean_disable_breadcrumbs":"default","ocean_breadcrumbs_color":"","ocean_breadcrumbs_separator_color":"","ocean_breadcrumbs_links_color":"","ocean_breadcrumbs_links_hover_color":"","ocean_display_footer_widgets":"default","ocean_display_footer_bottom":"default","ocean_custom_footer_template":"","footnotes":""},"class_list":["post-16","page","type-page","status-publish","hentry","entry"],"_links":{"self":[{"href":"http:\/\/toms-bienen.de\/index.php?rest_route=\/wp\/v2\/pages\/16","targetHints":{"allow":["GET"]}}],"collection":[{"href":"http:\/\/toms-bienen.de\/index.php?rest_route=\/wp\/v2\/pages"}],"about":[{"href":"http:\/\/toms-bienen.de\/index.php?rest_route=\/wp\/v2\/types\/page"}],"author":[{"embeddable":true,"href":"http:\/\/toms-bienen.de\/index.php?rest_route=\/wp\/v2\/users\/1"}],"replies":[{"embeddable":true,"href":"http:\/\/toms-bienen.de\/index.php?rest_route=%2Fwp%2Fv2%2Fcomments&post=16"}],"version-history":[{"count":49,"href":"http:\/\/toms-bienen.de\/index.php?rest_route=\/wp\/v2\/pages\/16\/revisions"}],"predecessor-version":[{"id":454,"href":"http:\/\/toms-bienen.de\/index.php?rest_route=\/wp\/v2\/pages\/16\/revisions\/454"}],"wp:attachment":[{"href":"http:\/\/toms-bienen.de\/index.php?rest_route=%2Fwp%2Fv2%2Fmedia&parent=16"}],"curies":[{"name":"wp","href":"https:\/\/api.w.org\/{rel}","templated":true}]}}